{"id":1689,"date":"2021-06-07T20:10:47","date_gmt":"2021-06-07T19:10:47","guid":{"rendered":"https:\/\/www.isalebon.fr\/?page_id=1689"},"modified":"2021-07-11T20:11:57","modified_gmt":"2021-07-11T19:11:57","slug":"nous-sommes-pluriels","status":"publish","type":"page","link":"https:\/\/www.isalebon.fr\/?page_id=1689","title":{"rendered":"Nous sommes pluriels."},"content":{"rendered":"<div id=\"textphotos\"><!-- default-view.php -->\n<div\n\tclass=\"ngg-galleryoverview default-view  ngg-ajax-pagination-none\"\n\tid=\"ngg-gallery-c21bc5cfbfadd1bf8319d9d08aa11806-1\">\n\n\t\t<!-- Thumbnails -->\n\t\t\t\t<div id=\"ngg-image-0\" class=\"ngg-gallery-thumbnail-box \" >\n\t\t\t\t        <div class=\"ngg-gallery-thumbnail\">\n            <a href=\"https:\/\/www.isalebon.fr\/wp-isa\/wp-content\/gallery\/pluriels\/Estime-de-soi-01.jpg\"\n               title=\"\"\n               data-src=\"https:\/\/www.isalebon.fr\/wp-isa\/wp-content\/gallery\/pluriels\/Estime-de-soi-01.jpg\"\n               data-thumbnail=\"https:\/\/www.isalebon.fr\/wp-isa\/wp-content\/gallery\/pluriels\/thumbs\/thumbs_Estime-de-soi-01.jpg\"\n               data-image-id=\"721\"\n               data-title=\"Estime-de-soi-01\"\n               data-description=\"\"\n               data-image-slug=\"estime-de-soi-01\"\n               >\n                <img\n                    title=\"Estime-de-soi-01\"\n                    alt=\"Estime-de-soi-01\"\n                    src=\"https:\/\/www.isalebon.fr\/wp-isa\/wp-content\/gallery\/pluriels\/thumbs\/thumbs_Estime-de-soi-01.jpg\"\n                    width=\"150\"\n                    height=\"150\"\n                    style=\"max-width:100%;\"\n                \/>\n            <\/a>\n        <\/div>\n\t\t\t\t\t\t\t<\/div> \n\t\t\t\n\t\t\t\t<div id=\"ngg-image-1\" class=\"ngg-gallery-thumbnail-box \" >\n\t\t\t\t        <div class=\"ngg-gallery-thumbnail\">\n            <a href=\"https:\/\/www.isalebon.fr\/wp-isa\/wp-content\/gallery\/pluriels\/Estime-de-soi-02.jpg\"\n               title=\"\"\n               data-src=\"https:\/\/www.isalebon.fr\/wp-isa\/wp-content\/gallery\/pluriels\/Estime-de-soi-02.jpg\"\n               data-thumbnail=\"https:\/\/www.isalebon.fr\/wp-isa\/wp-content\/gallery\/pluriels\/thumbs\/thumbs_Estime-de-soi-02.jpg\"\n               data-image-id=\"722\"\n               data-title=\"Estime-de-soi-02\"\n               data-description=\"\"\n               data-image-slug=\"estime-de-soi-02\"\n               >\n                <img\n                    title=\"Estime-de-soi-02\"\n                    alt=\"Estime-de-soi-02\"\n                    src=\"https:\/\/www.isalebon.fr\/wp-isa\/wp-content\/gallery\/pluriels\/thumbs\/thumbs_Estime-de-soi-02.jpg\"\n                    width=\"150\"\n                    height=\"150\"\n                    style=\"max-width:100%;\"\n                \/>\n            <\/a>\n        <\/div>\n\t\t\t\t\t\t\t<\/div> \n\t\t\t\n\t\t\t\t<div id=\"ngg-image-2\" class=\"ngg-gallery-thumbnail-box \" >\n\t\t\t\t        <div class=\"ngg-gallery-thumbnail\">\n            <a href=\"https:\/\/www.isalebon.fr\/wp-isa\/wp-content\/gallery\/pluriels\/Estime-de-soi-03.jpg\"\n               title=\"\"\n               data-src=\"https:\/\/www.isalebon.fr\/wp-isa\/wp-content\/gallery\/pluriels\/Estime-de-soi-03.jpg\"\n               data-thumbnail=\"https:\/\/www.isalebon.fr\/wp-isa\/wp-content\/gallery\/pluriels\/thumbs\/thumbs_Estime-de-soi-03.jpg\"\n               data-image-id=\"723\"\n               data-title=\"Estime-de-soi-03\"\n               data-description=\"\"\n               data-image-slug=\"estime-de-soi-03\"\n               >\n                <img\n                    title=\"Estime-de-soi-03\"\n                    alt=\"Estime-de-soi-03\"\n                    src=\"https:\/\/www.isalebon.fr\/wp-isa\/wp-content\/gallery\/pluriels\/thumbs\/thumbs_Estime-de-soi-03.jpg\"\n                    width=\"150\"\n                    height=\"150\"\n                    style=\"max-width:100%;\"\n                \/>\n            <\/a>\n        <\/div>\n\t\t\t\t\t\t\t<\/div> \n\t\t\t\n\t\t\t\t<div id=\"ngg-image-3\" class=\"ngg-gallery-thumbnail-box \" >\n\t\t\t\t        <div class=\"ngg-gallery-thumbnail\">\n            <a href=\"https:\/\/www.isalebon.fr\/wp-isa\/wp-content\/gallery\/pluriels\/Estime-de-soi-04.jpg\"\n               title=\"\"\n               data-src=\"https:\/\/www.isalebon.fr\/wp-isa\/wp-content\/gallery\/pluriels\/Estime-de-soi-04.jpg\"\n               data-thumbnail=\"https:\/\/www.isalebon.fr\/wp-isa\/wp-content\/gallery\/pluriels\/thumbs\/thumbs_Estime-de-soi-04.jpg\"\n               data-image-id=\"724\"\n               data-title=\"Estime-de-soi-04\"\n               data-description=\"\"\n               data-image-slug=\"estime-de-soi-04\"\n               >\n                <img\n                    title=\"Estime-de-soi-04\"\n                    alt=\"Estime-de-soi-04\"\n                    src=\"https:\/\/www.isalebon.fr\/wp-isa\/wp-content\/gallery\/pluriels\/thumbs\/thumbs_Estime-de-soi-04.jpg\"\n                    width=\"150\"\n                    height=\"150\"\n                    style=\"max-width:100%;\"\n                \/>\n            <\/a>\n        <\/div>\n\t\t\t\t\t\t\t<\/div> \n\t\t\t\n\t\t\t\t<div id=\"ngg-image-4\" class=\"ngg-gallery-thumbnail-box \" >\n\t\t\t\t        <div class=\"ngg-gallery-thumbnail\">\n            <a href=\"https:\/\/www.isalebon.fr\/wp-isa\/wp-content\/gallery\/pluriels\/Estime-de-soi-05.jpg\"\n               title=\"\"\n               data-src=\"https:\/\/www.isalebon.fr\/wp-isa\/wp-content\/gallery\/pluriels\/Estime-de-soi-05.jpg\"\n               data-thumbnail=\"https:\/\/www.isalebon.fr\/wp-isa\/wp-content\/gallery\/pluriels\/thumbs\/thumbs_Estime-de-soi-05.jpg\"\n               data-image-id=\"725\"\n               data-title=\"Estime-de-soi-05\"\n               data-description=\"\"\n               data-image-slug=\"estime-de-soi-05\"\n               >\n                <img\n                    title=\"Estime-de-soi-05\"\n                    alt=\"Estime-de-soi-05\"\n                    src=\"https:\/\/www.isalebon.fr\/wp-isa\/wp-content\/gallery\/pluriels\/thumbs\/thumbs_Estime-de-soi-05.jpg\"\n                    width=\"150\"\n                    height=\"150\"\n                    style=\"max-width:100%;\"\n                \/>\n            <\/a>\n        <\/div>\n\t\t\t\t\t\t\t<\/div> \n\t\t\t\n\t\t\t\t<div id=\"ngg-image-5\" class=\"ngg-gallery-thumbnail-box \" >\n\t\t\t\t        <div class=\"ngg-gallery-thumbnail\">\n            <a href=\"https:\/\/www.isalebon.fr\/wp-isa\/wp-content\/gallery\/pluriels\/Estime-de-soi-06.jpg\"\n               title=\"\"\n               data-src=\"https:\/\/www.isalebon.fr\/wp-isa\/wp-content\/gallery\/pluriels\/Estime-de-soi-06.jpg\"\n               data-thumbnail=\"https:\/\/www.isalebon.fr\/wp-isa\/wp-content\/gallery\/pluriels\/thumbs\/thumbs_Estime-de-soi-06.jpg\"\n               data-image-id=\"726\"\n               data-title=\"Estime-de-soi-06\"\n               data-description=\"\"\n               data-image-slug=\"estime-de-soi-06\"\n               >\n                <img\n                    title=\"Estime-de-soi-06\"\n                    alt=\"Estime-de-soi-06\"\n                    src=\"https:\/\/www.isalebon.fr\/wp-isa\/wp-content\/gallery\/pluriels\/thumbs\/thumbs_Estime-de-soi-06.jpg\"\n                    width=\"150\"\n                    height=\"150\"\n                    style=\"max-width:100%;\"\n                \/>\n            <\/a>\n        <\/div>\n\t\t\t\t\t\t\t<\/div> \n\t\t\t\n\t\t\t\t<div id=\"ngg-image-6\" class=\"ngg-gallery-thumbnail-box \" >\n\t\t\t\t        <div class=\"ngg-gallery-thumbnail\">\n            <a href=\"https:\/\/www.isalebon.fr\/wp-isa\/wp-content\/gallery\/pluriels\/Estime-de-soi-07.jpg\"\n               title=\"\"\n               data-src=\"https:\/\/www.isalebon.fr\/wp-isa\/wp-content\/gallery\/pluriels\/Estime-de-soi-07.jpg\"\n               data-thumbnail=\"https:\/\/www.isalebon.fr\/wp-isa\/wp-content\/gallery\/pluriels\/thumbs\/thumbs_Estime-de-soi-07.jpg\"\n               data-image-id=\"727\"\n               data-title=\"Estime-de-soi-07\"\n               data-description=\"\"\n               data-image-slug=\"estime-de-soi-07\"\n               >\n                <img\n                    title=\"Estime-de-soi-07\"\n                    alt=\"Estime-de-soi-07\"\n                    src=\"https:\/\/www.isalebon.fr\/wp-isa\/wp-content\/gallery\/pluriels\/thumbs\/thumbs_Estime-de-soi-07.jpg\"\n                    width=\"150\"\n                    height=\"150\"\n                    style=\"max-width:100%;\"\n                \/>\n            <\/a>\n        <\/div>\n\t\t\t\t\t\t\t<\/div> \n\t\t\t\n\t\t\t\t<div id=\"ngg-image-7\" class=\"ngg-gallery-thumbnail-box \" >\n\t\t\t\t        <div class=\"ngg-gallery-thumbnail\">\n            <a href=\"https:\/\/www.isalebon.fr\/wp-isa\/wp-content\/gallery\/pluriels\/Estime-de-soi-08.jpg\"\n               title=\"\"\n               data-src=\"https:\/\/www.isalebon.fr\/wp-isa\/wp-content\/gallery\/pluriels\/Estime-de-soi-08.jpg\"\n               data-thumbnail=\"https:\/\/www.isalebon.fr\/wp-isa\/wp-content\/gallery\/pluriels\/thumbs\/thumbs_Estime-de-soi-08.jpg\"\n               data-image-id=\"728\"\n               data-title=\"Estime-de-soi-08\"\n               data-description=\"\"\n               data-image-slug=\"estime-de-soi-08\"\n               >\n                <img\n                    title=\"Estime-de-soi-08\"\n                    alt=\"Estime-de-soi-08\"\n                    src=\"https:\/\/www.isalebon.fr\/wp-isa\/wp-content\/gallery\/pluriels\/thumbs\/thumbs_Estime-de-soi-08.jpg\"\n                    width=\"150\"\n                    height=\"150\"\n                    style=\"max-width:100%;\"\n                \/>\n            <\/a>\n        <\/div>\n\t\t\t\t\t\t\t<\/div> \n\t\t\t\n\t\t\t\t<div id=\"ngg-image-8\" class=\"ngg-gallery-thumbnail-box \" >\n\t\t\t\t        <div class=\"ngg-gallery-thumbnail\">\n            <a href=\"https:\/\/www.isalebon.fr\/wp-isa\/wp-content\/gallery\/pluriels\/Estime-de-soi-09.jpg\"\n               title=\"\"\n               data-src=\"https:\/\/www.isalebon.fr\/wp-isa\/wp-content\/gallery\/pluriels\/Estime-de-soi-09.jpg\"\n               data-thumbnail=\"https:\/\/www.isalebon.fr\/wp-isa\/wp-content\/gallery\/pluriels\/thumbs\/thumbs_Estime-de-soi-09.jpg\"\n               data-image-id=\"729\"\n               data-title=\"Estime-de-soi-09\"\n               data-description=\"\"\n               data-image-slug=\"estime-de-soi-09\"\n               >\n                <img\n                    title=\"Estime-de-soi-09\"\n                    alt=\"Estime-de-soi-09\"\n                    src=\"https:\/\/www.isalebon.fr\/wp-isa\/wp-content\/gallery\/pluriels\/thumbs\/thumbs_Estime-de-soi-09.jpg\"\n                    width=\"150\"\n                    height=\"150\"\n                    style=\"max-width:100%;\"\n                \/>\n            <\/a>\n        <\/div>\n\t\t\t\t\t\t\t<\/div> \n\t\t\t\n\t\t\t\t<div id=\"ngg-image-9\" class=\"ngg-gallery-thumbnail-box \" >\n\t\t\t\t        <div class=\"ngg-gallery-thumbnail\">\n            <a href=\"https:\/\/www.isalebon.fr\/wp-isa\/wp-content\/gallery\/pluriels\/Estime-de-soi-10.jpg\"\n               title=\"\"\n               data-src=\"https:\/\/www.isalebon.fr\/wp-isa\/wp-content\/gallery\/pluriels\/Estime-de-soi-10.jpg\"\n               data-thumbnail=\"https:\/\/www.isalebon.fr\/wp-isa\/wp-content\/gallery\/pluriels\/thumbs\/thumbs_Estime-de-soi-10.jpg\"\n               data-image-id=\"730\"\n               data-title=\"Estime-de-soi-10\"\n               data-description=\"\"\n               data-image-slug=\"estime-de-soi-10\"\n               >\n                <img\n                    title=\"Estime-de-soi-10\"\n                    alt=\"Estime-de-soi-10\"\n                    src=\"https:\/\/www.isalebon.fr\/wp-isa\/wp-content\/gallery\/pluriels\/thumbs\/thumbs_Estime-de-soi-10.jpg\"\n                    width=\"150\"\n                    height=\"150\"\n                    style=\"max-width:100%;\"\n                \/>\n            <\/a>\n        <\/div>\n\t\t\t\t\t\t\t<\/div> \n\t\t\t\n\t\t\t\t<div id=\"ngg-image-10\" class=\"ngg-gallery-thumbnail-box \" >\n\t\t\t\t        <div class=\"ngg-gallery-thumbnail\">\n            <a href=\"https:\/\/www.isalebon.fr\/wp-isa\/wp-content\/gallery\/pluriels\/Estime-de-soi-11.jpg\"\n               title=\"\"\n               data-src=\"https:\/\/www.isalebon.fr\/wp-isa\/wp-content\/gallery\/pluriels\/Estime-de-soi-11.jpg\"\n               data-thumbnail=\"https:\/\/www.isalebon.fr\/wp-isa\/wp-content\/gallery\/pluriels\/thumbs\/thumbs_Estime-de-soi-11.jpg\"\n               data-image-id=\"731\"\n               data-title=\"Estime-de-soi-11\"\n               data-description=\"\"\n               data-image-slug=\"estime-de-soi-11\"\n               >\n                <img\n                    title=\"Estime-de-soi-11\"\n                    alt=\"Estime-de-soi-11\"\n                    src=\"https:\/\/www.isalebon.fr\/wp-isa\/wp-content\/gallery\/pluriels\/thumbs\/thumbs_Estime-de-soi-11.jpg\"\n                    width=\"150\"\n                    height=\"150\"\n                    style=\"max-width:100%;\"\n                \/>\n            <\/a>\n        <\/div>\n\t\t\t\t\t\t\t<\/div> \n\t\t\t\n\t\t\t\t<div id=\"ngg-image-11\" class=\"ngg-gallery-thumbnail-box \" >\n\t\t\t\t        <div class=\"ngg-gallery-thumbnail\">\n            <a href=\"https:\/\/www.isalebon.fr\/wp-isa\/wp-content\/gallery\/pluriels\/Estime-de-soi-12.jpg\"\n               title=\"\"\n               data-src=\"https:\/\/www.isalebon.fr\/wp-isa\/wp-content\/gallery\/pluriels\/Estime-de-soi-12.jpg\"\n               data-thumbnail=\"https:\/\/www.isalebon.fr\/wp-isa\/wp-content\/gallery\/pluriels\/thumbs\/thumbs_Estime-de-soi-12.jpg\"\n               data-image-id=\"732\"\n               data-title=\"Estime-de-soi-12\"\n               data-description=\"\"\n               data-image-slug=\"estime-de-soi-12\"\n               >\n                <img\n                    title=\"Estime-de-soi-12\"\n                    alt=\"Estime-de-soi-12\"\n                    src=\"https:\/\/www.isalebon.fr\/wp-isa\/wp-content\/gallery\/pluriels\/thumbs\/thumbs_Estime-de-soi-12.jpg\"\n                    width=\"150\"\n                    height=\"150\"\n                    style=\"max-width:100%;\"\n                \/>\n            <\/a>\n        <\/div>\n\t\t\t\t\t\t\t<\/div> \n\t\t\t\n\t\t\t\t<div id=\"ngg-image-12\" class=\"ngg-gallery-thumbnail-box \" >\n\t\t\t\t        <div class=\"ngg-gallery-thumbnail\">\n            <a href=\"https:\/\/www.isalebon.fr\/wp-isa\/wp-content\/gallery\/pluriels\/Estime-de-soi-13.jpg\"\n               title=\"\"\n               data-src=\"https:\/\/www.isalebon.fr\/wp-isa\/wp-content\/gallery\/pluriels\/Estime-de-soi-13.jpg\"\n               data-thumbnail=\"https:\/\/www.isalebon.fr\/wp-isa\/wp-content\/gallery\/pluriels\/thumbs\/thumbs_Estime-de-soi-13.jpg\"\n               data-image-id=\"733\"\n               data-title=\"Estime-de-soi-13\"\n               data-description=\"\"\n               data-image-slug=\"estime-de-soi-13\"\n               >\n                <img\n                    title=\"Estime-de-soi-13\"\n                    alt=\"Estime-de-soi-13\"\n                    src=\"https:\/\/www.isalebon.fr\/wp-isa\/wp-content\/gallery\/pluriels\/thumbs\/thumbs_Estime-de-soi-13.jpg\"\n                    width=\"150\"\n                    height=\"150\"\n                    style=\"max-width:100%;\"\n                \/>\n            <\/a>\n        <\/div>\n\t\t\t\t\t\t\t<\/div> \n\t\t\t\n\t\t\t\t<div id=\"ngg-image-13\" class=\"ngg-gallery-thumbnail-box \" >\n\t\t\t\t        <div class=\"ngg-gallery-thumbnail\">\n            <a href=\"https:\/\/www.isalebon.fr\/wp-isa\/wp-content\/gallery\/pluriels\/Estime-de-soi-14.jpg\"\n               title=\"\"\n               data-src=\"https:\/\/www.isalebon.fr\/wp-isa\/wp-content\/gallery\/pluriels\/Estime-de-soi-14.jpg\"\n               data-thumbnail=\"https:\/\/www.isalebon.fr\/wp-isa\/wp-content\/gallery\/pluriels\/thumbs\/thumbs_Estime-de-soi-14.jpg\"\n               data-image-id=\"734\"\n               data-title=\"Estime-de-soi-14\"\n               data-description=\"\"\n               data-image-slug=\"estime-de-soi-14\"\n               >\n                <img\n                    title=\"Estime-de-soi-14\"\n                    alt=\"Estime-de-soi-14\"\n                    src=\"https:\/\/www.isalebon.fr\/wp-isa\/wp-content\/gallery\/pluriels\/thumbs\/thumbs_Estime-de-soi-14.jpg\"\n                    width=\"150\"\n                    height=\"150\"\n                    style=\"max-width:100%;\"\n                \/>\n            <\/a>\n        <\/div>\n\t\t\t\t\t\t\t<\/div> \n\t\t\t\n\t\t\t\t<div id=\"ngg-image-14\" class=\"ngg-gallery-thumbnail-box \" >\n\t\t\t\t        <div class=\"ngg-gallery-thumbnail\">\n            <a href=\"https:\/\/www.isalebon.fr\/wp-isa\/wp-content\/gallery\/pluriels\/Estime-de-soi-15.jpg\"\n               title=\"\"\n               data-src=\"https:\/\/www.isalebon.fr\/wp-isa\/wp-content\/gallery\/pluriels\/Estime-de-soi-15.jpg\"\n               data-thumbnail=\"https:\/\/www.isalebon.fr\/wp-isa\/wp-content\/gallery\/pluriels\/thumbs\/thumbs_Estime-de-soi-15.jpg\"\n               data-image-id=\"735\"\n               data-title=\"Estime-de-soi-15\"\n               data-description=\"\"\n               data-image-slug=\"estime-de-soi-15\"\n               >\n                <img\n                    title=\"Estime-de-soi-15\"\n                    alt=\"Estime-de-soi-15\"\n                    src=\"https:\/\/www.isalebon.fr\/wp-isa\/wp-content\/gallery\/pluriels\/thumbs\/thumbs_Estime-de-soi-15.jpg\"\n                    width=\"150\"\n                    height=\"150\"\n                    style=\"max-width:100%;\"\n                \/>\n            <\/a>\n        <\/div>\n\t\t\t\t\t\t\t<\/div> \n\t\t\t\n\t\t\t\t<div id=\"ngg-image-15\" class=\"ngg-gallery-thumbnail-box \" >\n\t\t\t\t        <div class=\"ngg-gallery-thumbnail\">\n            <a href=\"https:\/\/www.isalebon.fr\/wp-isa\/wp-content\/gallery\/pluriels\/Estime-de-soi-16.jpg\"\n               title=\"\"\n               data-src=\"https:\/\/www.isalebon.fr\/wp-isa\/wp-content\/gallery\/pluriels\/Estime-de-soi-16.jpg\"\n               data-thumbnail=\"https:\/\/www.isalebon.fr\/wp-isa\/wp-content\/gallery\/pluriels\/thumbs\/thumbs_Estime-de-soi-16.jpg\"\n               data-image-id=\"736\"\n               data-title=\"Estime-de-soi-16\"\n               data-description=\"\"\n               data-image-slug=\"estime-de-soi-16\"\n               >\n                <img\n                    title=\"Estime-de-soi-16\"\n                    alt=\"Estime-de-soi-16\"\n                    src=\"https:\/\/www.isalebon.fr\/wp-isa\/wp-content\/gallery\/pluriels\/thumbs\/thumbs_Estime-de-soi-16.jpg\"\n                    width=\"150\"\n                    height=\"150\"\n                    style=\"max-width:100%;\"\n                \/>\n            <\/a>\n        <\/div>\n\t\t\t\t\t\t\t<\/div> \n\t\t\t\n\t\n\t<br style=\"clear: both\" \/>\n\n\t\n\t\t<div class=\"ngg-clear\"><\/div>\n\t<\/div>\n<\/div>\n<div id=\"textext\">\n<i>Travail photographique r\u00e9alis\u00e9 avec les \u00e9l\u00e8ves du Lyc\u00e9e Gustave Flaubert \u00e0 Rouen dans le cadre du projet sur l\u2019estime de soi en partenariat avec l\u2019Agence R\u00e9gionale de Sant\u00e9.<\/i><\/p>\n<p><span class=\"entetexte\">Comment je me d\u00e9finis dans ce monde, comment je me regarde ?<\/span><\/p>\n<p>Cette s\u00e9rie de portraits r\u00e9alis\u00e9e en studio nous raconte leurs attitudes, leurs gestes, leurs comportements face \u00e0 l\u2019autre. L\u2019autre, qui est celui qui vous regarde\u2026<br \/>\nLe portrait comme identit\u00e9 et le v\u00eatement comme un autre soi.<\/p>\n<p>La photographie questionne sur les relations entre filles et gar\u00e7ons, la mixit\u00e9, les pr\u00e9jug\u00e9s sexistes, les notions de dignit\u00e9, d\u2019\u00e9galit\u00e9 entre fille et gar\u00e7on, l\u2019influence des images st\u00e9r\u00e9otyp\u00e9es, la place des femmes et des hommes dans le monde du travail et la lutte contre les st\u00e9r\u00e9otypes sexistes, les r\u00e8gles de vie en commun, le sens et le respect de la loi, l\u2019importance du respect mutuel.<br \/>\n<span class=\"signa\">Isabelle Lebon \/ Photographe<\/span><\/p>\n<\/div>\n","protected":false},"excerpt":{"rendered":"<p>Travail photographique r\u00e9alis\u00e9 avec les \u00e9l\u00e8ves du Lyc\u00e9e Gustave Flaubert \u00e0 Rouen dans le cadre du projet sur l\u2019estime de soi en partenariat avec l\u2019Agence R\u00e9gionale de Sant\u00e9. Comment je me d\u00e9finis dans ce monde, comment je me regarde ? Cette s\u00e9rie de portraits r\u00e9alis\u00e9e en studio nous raconte leurs attitudes, leurs gestes, leurs comportements [&hellip;]<\/p>\n","protected":false},"author":2,"featured_media":0,"parent":0,"menu_order":0,"comment_status":"closed","ping_status":"closed","template":"templates\/full-width-page.php","meta":{"ngg_post_thumbnail":0},"_links":{"self":[{"href":"https:\/\/www.isalebon.fr\/index.php?rest_route=\/wp\/v2\/pages\/1689"}],"collection":[{"href":"https:\/\/www.isalebon.fr\/index.php?rest_route=\/wp\/v2\/pages"}],"about":[{"href":"https:\/\/www.isalebon.fr\/index.php?rest_route=\/wp\/v2\/types\/page"}],"author":[{"embeddable":true,"href":"https:\/\/www.isalebon.fr\/index.php?rest_route=\/wp\/v2\/users\/2"}],"replies":[{"embeddable":true,"href":"https:\/\/www.isalebon.fr\/index.php?rest_route=%2Fwp%2Fv2%2Fcomments&post=1689"}],"version-history":[{"count":4,"href":"https:\/\/www.isalebon.fr\/index.php?rest_route=\/wp\/v2\/pages\/1689\/revisions"}],"predecessor-version":[{"id":1950,"href":"https:\/\/www.isalebon.fr\/index.php?rest_route=\/wp\/v2\/pages\/1689\/revisions\/1950"}],"wp:attachment":[{"href":"https:\/\/www.isalebon.fr\/index.php?rest_route=%2Fwp%2Fv2%2Fmedia&parent=1689"}],"curies":[{"name":"wp","href":"https:\/\/api.w.org\/{rel}","templated":true}]}}