{"id":27,"date":"2012-06-18T19:24:45","date_gmt":"2012-06-18T18:24:45","guid":{"rendered":"https:\/\/www.isalebon.fr\/wp-isa\/?page_id=27"},"modified":"2021-06-07T18:16:11","modified_gmt":"2021-06-07T17:16:11","slug":"expositions","status":"publish","type":"page","link":"https:\/\/www.isalebon.fr\/?page_id=27","title":{"rendered":"Expositions"},"content":{"rendered":"<ul>\n<li><strong>Rouen \u00ab Des roses sous ma fen\u00eatre, des femmes dignes et belles \u00bb<\/strong><br \/>\n<em>Exposition r\u00e9alis\u00e9e sur les grilles du d\u00e9partement sur la violence faites aux femmes, en partenariat avec le d\u00e9partement 76 et l\u2019entreprise Senalia. Janvier-mars 2021.<\/em><\/li>\n<\/ul>\n<ul>\n<li><strong>M\u00e9diath\u00e8que Ecully \/ Lyon Exposition<\/strong><br \/>\n<em>\u00ab De soi \u00e0 soi en passant par les autres \u00bb septembre 2020.<\/em><\/li>\n<\/ul>\n<ul>\n<li><strong>Mus\u00e9um et mus\u00e9e des antiquit\u00e9s de Rouen<\/strong><br \/>\n<em>Exposition dans le mus\u00e9um et sur les grilles septembre 2019.<\/em><\/li>\n<\/ul>\n<ul>\n<li><strong>Exposition Mus\u00e9e la Fabrique des Savoirs 2018<\/strong><br \/>\n<em>\u00ab Objet de conversation \u00bb.<\/em><\/li>\n<\/ul>\n<ul>\n<li><strong>Galerie Verhaeren Bruxelles 2017<\/strong><br \/>\n<em><\/em><\/li>\n<\/ul>\n<ul>\n<li><strong>\u00ab Je tu nous au f\u00e9minin masculin \u00bb 2017<\/strong><br \/>\n<em>Travail photographique en r\u00e9sidence ARS \u00ab les m\u00e9tiers ont-ils un sexe ? \u00bb.<\/em><\/li>\n<\/ul>\n<ul>\n<li><strong>\u00ab Ecoutez Voir \u00bb  projet \u00ab Passeurs d\u2019images \u00bb<\/strong><br \/>\n<em>En partenariat avec le p\u00f4le Image et les Nids \/ Exposition sur les bords de Seine \u00e0 Duclair.<\/em><\/li>\n<\/ul>\n<ul>\n<li><strong>\u00ab 50 ans de l\u2019Universit\u00e9 \u00bb en partenariat avec Normandie Impressionniste.<\/strong><br \/>\n<em>ROUEN avril 2016.<\/em><\/li>\n<\/ul>\n<ul>\n<li><strong>\u00ab 10 mots 10 photos pour la r\u00e9publique \u00bb<\/strong><br \/>\n<em>Exposition \u00e0 l\u2019H\u00f4tel de ville du Havre F\u00e9vrier 2016.<\/em><\/li>\n<\/ul>\n<ul>\n<li><strong>Mus\u00e9e des Beaux-Arts \u00e0 Ningbo-Shanghai<\/strong><br \/>\n<em>CHINE avril-mai 2015.<\/em><\/li>\n<\/ul>\n<ul>\n<li><strong>\u00ab Les lumi\u00e8res de J\u00e9rusalem \u00bb Institut Fran\u00e7ais de J\u00e9rusalem.<\/strong><br \/>\n<em>Portraits de la population palestinienne. Octobre 2014.<\/em><\/li>\n<\/ul>\n<ul>\n<li><strong>\u00ab A l\u2019ombre d\u2019Alice \u00bb<\/strong><br \/>\n<em>Exposition (suite) \u00e0 la r\u00e9sidence au CHU Charles Nicolle de Rouen dans le service de p\u00e9dopsychiatrie sur l\u2019anorexie septembre 2014.<\/em><\/li>\n<\/ul>\n<ul>\n<li><strong>\u00ab Labyrinthe \u00bb<\/strong><br \/>\n<em>Exposition finale des trois ann\u00e9es en r\u00e9sidence en EHPAD aux Aub\u00e9pins \u00e0 Maromme Avril 2014.<\/em><\/li>\n<\/ul>\n<ul>\n<li><strong>Maison de l\u2019Universit\u00e9  Rouen exposition photographique \u00ab Dialogue dans l\u2019ombre \u00bb<\/strong><br \/>\n<em>Travail autour de la vieillesse, f\u00e9vrier 2014, en collaboration avec des \u00e9tudiants.<\/em><\/li>\n<\/ul>\n<ul>\n<li><strong>Exposition dans le cadre du festival \u00ab Regard sur le monde \u00bb<\/strong><br \/>\n<em>Rouen Galerie 12.3 janvier 2014 Palestine \/ Portraits.<\/em><\/li>\n<\/ul>\n<ul>\n<li><strong>\u00ab Elle(s) \u00bb<\/strong><br \/>\n<em>CHU de Rouen unit\u00e9 10 de janvier \u00e0 mars 2013 (Culture et handicap \/ personnes \u00e2g\u00e9es)<\/em><\/li>\n<\/ul>\n<ul>\n<li><strong>\u00ab Un jour pour la Palestine \u00bb Festival photographique r\u00e9alis\u00e9 en Palestine \u00e9t\u00e9 2011.<\/strong><br \/>\n<em>Pr\u00e9sent\u00e9 au Coll\u00e8ge Jules Verne \u00e0 D\u00e9ville-L\u00e8s-Rouen 2012. <\/em><\/li>\n<\/ul>\n<ul>\n<li><strong>\u00ab D\u2019un pas \u00e0 l\u2019autre \u00bb exposition photographique dans le magasin Super U \u00e0 Maromme<\/strong><br \/>\n<em>S\u00e9rie de portraits sur la danse de personnes \u00e2g\u00e9es.<\/em><\/li>\n<\/ul>\n<ul>\n<li><strong>\u00ab Palestine 10 \u00bb<\/strong><br \/>\n<em>I.U.F.M. Galerie La Passerelle Rouen Mars 2011<\/em><\/li>\n<\/ul>\n<ul>\n<li><strong>\u00ab Palestine 09 \u00bb<\/strong><br \/>\n<em>M\u00e9diath\u00e8que Chalette sur Loing \/ Loiret Novembre 2010<\/em><\/li>\n<\/ul>\n<ul>\n<li><strong>\u00ab In situ \u00bb  festival les Transeurop\u00e9ennes<\/strong><br \/>\n<em>M\u00e9diath\u00e8que de Sotteville-les-Rouen, mars 2010 (entre mer et falaise).<\/em><\/li>\n<\/ul>\n<ul>\n<li><strong>\u00ab  Palestine 09 \u00bb<\/strong><br \/>\n<em>Maison de l\u2019universit\u00e9 F\u00e9vrier 2010.<\/em><\/li>\n<\/ul>\n<ul>\n<li><strong>\u00ab Berlin 20 ans apr\u00e8s la chute du mur \u00bb<\/strong><br \/>\n<em>Rouen Le KALIF janvier 2010.<\/em><\/li>\n<\/ul>\n<ul>\n<li><strong>\u00ab Palestine 08 \u00bb 2008.<\/strong><br \/>\n<em>Moulin de Pannevert.<\/em><\/li>\n<\/ul>\n<ul>\n<li><strong>\u00ab Ici Nanjing \u00bb 2007 Chine \/ s\u00e9jour \u00e0 P\u00e9kin  en 2006 et 2008.<\/strong><br \/>\n<em>I.N.S.A. de Rouen.<\/em><\/li>\n<\/ul>\n<ul>\n<li><strong>\u00ab Photoconsomaton \u00bb et \u00ab Du champ au panier \u00bb  2005.<\/strong><br \/>\n<em>17 \u00e8me Mois de l\u2019Image \u00e0 Dieppe<\/em><\/li>\n<\/ul>\n<ul>\n<li><strong>\u00ab Le corps \u2026images en mutation \u00bb Exposition collective 2004.<\/strong><br \/>\n<em>16<sup>\u00e8me<\/sup> Mois de l\u2019Image \u00e0 Dieppe.<\/em><\/li>\n<\/ul>\n<ul>\n<li><strong>\u00ab Virage \u00bb et \u00ab Bi\u00e9lorussie \u00bb 2003.<\/strong><br \/>\n<em>Dans le cadre des E.R.O.A. \/ Exposition photographique au Coll\u00e8ge \u00e0 Harfleur.<\/em><\/li>\n<\/ul>\n<ul>\n<li><strong>Reportage Salon de l\u2019Agriculture Paris 2001 Minist\u00e8re de l\u2019Agriculture.<\/strong><\/li>\n<\/ul>\n<ul>\n<li><strong>\u00ab Bi\u00e9lorussie \u00bb 2002\/ reportage sur l\u2019apr\u00e8s Tchernobyl.<\/strong><br \/>\n<em>Fnac Paris \/ St Lazare. Expositions dans les autres Fnac \/ France pendant deux ann\u00e9es.<\/em><\/li>\n<\/ul>\n<ul>\n<li><strong>\u00ab Cabourg \u00bb 2000 \/ reportages sur les vacances des personnes \u00e2g\u00e9es.<\/strong><br \/>\n<em>Association Des Petits Fr\u00e8res des Pauvres \u00e0 Paris.<\/em><\/li>\n<\/ul>\n<ul>\n<li><strong>\u00ab Bi\u00e9lorussie \u00bb 2000 \/ reportage sur l\u2019apr\u00e8s Tchernobyl.<\/strong><br \/>\n<em>Centre Culturel de Bordeaux.<\/em><\/li>\n<\/ul>\n<ul>\n<li><strong>\u00ab\u00a0Facteurs du Gers\u00a0\u00bb.<\/strong><br \/>\n<em>1999. Centre R\u00e9gional de la Poste \u00e0 Auch (32).<\/em><\/li>\n<\/ul>\n<ul>\n<li><strong>\u00ab\u00a0En filigrane\u00a0\u00bb 1997 \/ le nu.<\/strong><br \/>\n<em>Centre Culturel de Sotteville-l\u00e8s-Rouen &#8211; \u00ab Virage \u00bb 1998 \/ deux ann\u00e9es de travail photographique dans les maisons de Retraite EHPAD. Les images seront \u00e9galement pr\u00e9sent\u00e9es \u00e0 l\u2019INSA de Rouen.<\/em><\/li>\n<\/ul>\n","protected":false},"excerpt":{"rendered":"<p>Rouen \u00ab Des roses sous ma fen\u00eatre, des femmes dignes et belles \u00bb Exposition r\u00e9alis\u00e9e sur les grilles du d\u00e9partement sur la violence faites aux femmes, en partenariat avec le d\u00e9partement 76 et l\u2019entreprise Senalia. Janvier-mars 2021. M\u00e9diath\u00e8que Ecully \/ Lyon Exposition \u00ab De soi \u00e0 soi en passant par les autres \u00bb septembre 2020. [&hellip;]<\/p>\n","protected":false},"author":2,"featured_media":0,"parent":0,"menu_order":0,"comment_status":"closed","ping_status":"closed","template":"","meta":{"ngg_post_thumbnail":0},"_links":{"self":[{"href":"https:\/\/www.isalebon.fr\/index.php?rest_route=\/wp\/v2\/pages\/27"}],"collection":[{"href":"https:\/\/www.isalebon.fr\/index.php?rest_route=\/wp\/v2\/pages"}],"about":[{"href":"https:\/\/www.isalebon.fr\/index.php?rest_route=\/wp\/v2\/types\/page"}],"author":[{"embeddable":true,"href":"https:\/\/www.isalebon.fr\/index.php?rest_route=\/wp\/v2\/users\/2"}],"replies":[{"embeddable":true,"href":"https:\/\/www.isalebon.fr\/index.php?rest_route=%2Fwp%2Fv2%2Fcomments&post=27"}],"version-history":[{"count":37,"href":"https:\/\/www.isalebon.fr\/index.php?rest_route=\/wp\/v2\/pages\/27\/revisions"}],"predecessor-version":[{"id":1591,"href":"https:\/\/www.isalebon.fr\/index.php?rest_route=\/wp\/v2\/pages\/27\/revisions\/1591"}],"wp:attachment":[{"href":"https:\/\/www.isalebon.fr\/index.php?rest_route=%2Fwp%2Fv2%2Fmedia&parent=27"}],"curies":[{"name":"wp","href":"https:\/\/api.w.org\/{rel}","templated":true}]}}