{"id":48,"date":"2012-06-18T21:39:43","date_gmt":"2012-06-18T20:39:43","guid":{"rendered":"https:\/\/www.isalebon.fr\/wp-isa\/?page_id=48"},"modified":"2021-06-07T18:15:16","modified_gmt":"2021-06-07T17:15:16","slug":"projets-artistiques","status":"publish","type":"page","link":"https:\/\/www.isalebon.fr\/?page_id=48","title":{"rendered":"Projets Artistiques"},"content":{"rendered":"<h3>(avec la collaboration de la DAAC, DRAC, ESPE et INSA)<\/h3>\n<ul>\n<li>R\u00e9sidence ARS Lyc\u00e9e Grieu Rouen 2020-21 \u00ab \u00catre et se construire \u00bb.<\/li>\n<\/ul>\n<ul>\n<li>R\u00e9sidence ARS \u00ab l\u2019estime de soi \u00bb lyc\u00e9e Flaubert Rouen (4 ann\u00e9es) 2020.<\/li>\n<\/ul>\n<ul>\n<li>R\u00e9sidence DRAC Maison d\u2019Arr\u00eat Rouen 2019-2020.<\/li>\n<\/ul>\n<ul>\n<li>Parc de Bretonne publication 10 mots\/ 10 photos 2018.<\/li>\n<\/ul>\n<ul>\n<li>En r\u00e9sidence au Mus\u00e9e La Fabrique des Savoirs 2017-18 \u00ab Objet de conversation \u00bb.<\/li>\n<\/ul>\n<ul>\n<li>\u00ab Passeurs d\u2019images \u00bb projet photographique \u00ab Ecoutez Voir \u00bb en partenariat avec le P\u00f4le Image et les Nids.<\/li>\n<\/ul>\n<ul>\n<li>En pr\u00e9paration un livre sur les femmes au Moyen Orient 2017.<\/li>\n<\/ul>\n<ul>\n<li>Dans le cadre de la collection \u00ab 10 mots 10 photos \u00bb Edition Globules Publication du livre sur l\u2019Economie Sociale et Solidaire Novembre 2014 en partenariat avec la r\u00e9gion Haute Normandie en cours les cheffes d\u2019entreprises sortie 2015 et Les femmes et la r\u00e9publique.<\/li>\n<\/ul>\n<ul>\n<li>Lyc\u00e9e Marcel Sembat 2014 en collaboration avec les \u00e9ditions Globules publication du livre \u00ab 10 mots 10 signes 10 Photos pour l\u2019architecture \u00bb. Publication par Globules \u00ab 10 mots 10 photos \u00bb sur la Boucane \u00e0 F\u00e9camp.<\/li>\n<\/ul>\n<ul>\n<li>CHU  service p\u00e9dopsychiatrie en  r\u00e9sidence six mois, portraits sur l\u2019anorexie\/ unit\u00e9 ado 2013.<\/li>\n<\/ul>\n<ul>\n<li>Cirque-Th\u00e9\u00e2tre d\u2019Elbeuf en collaboration avec Globules avec une publication : \u00ab 10 mots-10 photos \u00bb 2013.<\/li>\n<\/ul>\n<ul>\n<li>Voix de marins et portraits : petite histoire autour de la mer 2012-2013.<\/li>\n<\/ul>\n<ul>\n<li>Les cord\u00e9es de la r\u00e9ussite 2012 Projet Ambition et Handicap. Publication Edition Globules.<\/li>\n<\/ul>\n<ul>\n<li>Maison du port : s\u00e9rie de portraits de jeunes adolescents de F\u00e9camp novembre 2011.<\/li>\n<\/ul>\n<ul>\n<li>En r\u00e9sidence (2011-2012) \u00e0 F\u00e9camp sur le projet d\u2019urbanisation de la ville \u00ab Ville en Chantier \u00bb.<\/li>\n<\/ul>\n<ul>\n<li>En r\u00e9sidence \u00e0 l\u2019Ehpad \u2018maison de retraite \u00ab les Aub\u00e9pins \u00bb \u00e0 Maromme (76) depuis fin 2010. Premi\u00e8re Exposition pr\u00e9vue le 17 juin 2011 \u00e0 Maromme dans le super U au sein du magasin \u00e0 la rencontre des habitants\u2026 autour d\u2019une conf\u00e9rence, de musiques et de rencontres avec le caf\u00e9 des \u00e2ges.<\/li>\n<\/ul>\n<ul>\n<li>S\u00e9jours en Palestine \/ travail photographique depuis 2008-09-10-11 et 12.<\/li>\n<\/ul>\n<ul>\n<li>Travail photographique sur le langage du signe au C.R.A Beethoven de Rouen (Centre \u00e9ducatif pour les malentendants).<\/li>\n<\/ul>\n<ul>\n<li>\u00ab Culture et Handicap \u00bb 2008-11 Institut M\u00e9dico Educatif \u00e0 Evreux en collaboration avec l\u2019Op\u00e9ra de Rouen.<\/li>\n<\/ul>\n<ul>\n<li>\u00ab D\u00e9visage \u00bb 2008-09.<\/li>\n<\/ul>\n<ul>\n<li>\u00ab Relecture Pastiches et Citations \u00bb 2007-08.<\/li>\n<\/ul>\n<ul>\n<li>\u00ab Palissades \u00bb F\u00e9camp 2006-07.<\/li>\n<\/ul>\n<ul>\n<li>\u00ab\u00a0A la mani\u00e8re d\u2019eux\u2026 \u00a0\u00bb 2006.<\/li>\n<\/ul>\n<ul>\n<li>\u00ab G\u00e9nie du lieu \u00bb 2004-05 Travail photographique autour de la notion du territoire et de l\u2019espace.<\/li>\n<\/ul>\n<ul>\n<li>\u00ab Adoptez un jardin \u00bb 2004-06.<\/li>\n<\/ul>\n<ul>\n<li>\u00ab Voyage en ville \u00bb 2001-07 Architecture dans la ville.<\/li>\n<\/ul>\n","protected":false},"excerpt":{"rendered":"<p>(avec la collaboration de la DAAC, DRAC, ESPE et INSA) R\u00e9sidence ARS Lyc\u00e9e Grieu Rouen 2020-21 \u00ab \u00catre et se construire \u00bb. R\u00e9sidence ARS \u00ab l\u2019estime de soi \u00bb lyc\u00e9e Flaubert Rouen (4 ann\u00e9es) 2020. R\u00e9sidence DRAC Maison d\u2019Arr\u00eat Rouen 2019-2020. Parc de Bretonne publication 10 mots\/ 10 photos 2018. En r\u00e9sidence au Mus\u00e9e La [&hellip;]<\/p>\n","protected":false},"author":2,"featured_media":0,"parent":0,"menu_order":0,"comment_status":"closed","ping_status":"closed","template":"","meta":{"ngg_post_thumbnail":0},"_links":{"self":[{"href":"https:\/\/www.isalebon.fr\/index.php?rest_route=\/wp\/v2\/pages\/48"}],"collection":[{"href":"https:\/\/www.isalebon.fr\/index.php?rest_route=\/wp\/v2\/pages"}],"about":[{"href":"https:\/\/www.isalebon.fr\/index.php?rest_route=\/wp\/v2\/types\/page"}],"author":[{"embeddable":true,"href":"https:\/\/www.isalebon.fr\/index.php?rest_route=\/wp\/v2\/users\/2"}],"replies":[{"embeddable":true,"href":"https:\/\/www.isalebon.fr\/index.php?rest_route=%2Fwp%2Fv2%2Fcomments&post=48"}],"version-history":[{"count":22,"href":"https:\/\/www.isalebon.fr\/index.php?rest_route=\/wp\/v2\/pages\/48\/revisions"}],"predecessor-version":[{"id":1590,"href":"https:\/\/www.isalebon.fr\/index.php?rest_route=\/wp\/v2\/pages\/48\/revisions\/1590"}],"wp:attachment":[{"href":"https:\/\/www.isalebon.fr\/index.php?rest_route=%2Fwp%2Fv2%2Fmedia&parent=48"}],"curies":[{"name":"wp","href":"https:\/\/api.w.org\/{rel}","templated":true}]}}