{"id":655,"date":"2016-11-24T01:40:27","date_gmt":"2016-11-24T00:40:27","guid":{"rendered":"https:\/\/www.isalebon.fr\/?page_id=655"},"modified":"2021-06-08T21:27:08","modified_gmt":"2021-06-08T20:27:08","slug":"publication-dix-mots-dix-photos","status":"publish","type":"page","link":"https:\/\/www.isalebon.fr\/?page_id=655","title":{"rendered":"Publication dix mots dix photos"},"content":{"rendered":"<div id=\"textphotos\"><!-- default-view.php -->\n<div\n\tclass=\"ngg-galleryoverview default-view  ngg-ajax-pagination-none\"\n\tid=\"ngg-gallery-34b7511f9a10e457aab2a325b00fd93d-1\">\n\n\t\t<!-- Thumbnails -->\n\t\t\t\t<div id=\"ngg-image-0\" class=\"ngg-gallery-thumbnail-box \" >\n\t\t\t\t        <div class=\"ngg-gallery-thumbnail\">\n            <a href=\"https:\/\/www.isalebon.fr\/wp-isa\/wp-content\/gallery\/10-mots\/10mots-marais.jpg\"\n               title=\"\"\n               data-src=\"https:\/\/www.isalebon.fr\/wp-isa\/wp-content\/gallery\/10-mots\/10mots-marais.jpg\"\n               data-thumbnail=\"https:\/\/www.isalebon.fr\/wp-isa\/wp-content\/gallery\/10-mots\/thumbs\/thumbs_10mots-marais.jpg\"\n               data-image-id=\"718\"\n               data-title=\"Ballade au marais\"\n               data-description=\"\"\n               data-image-slug=\"10mots-marais\"\n               >\n                <img\n                    title=\"Ballade au marais\"\n                    alt=\"Ballade au marais\"\n                    src=\"https:\/\/www.isalebon.fr\/wp-isa\/wp-content\/gallery\/10-mots\/thumbs\/thumbs_10mots-marais.jpg\"\n                    width=\"150\"\n                    height=\"150\"\n                    style=\"max-width:100%;\"\n                \/>\n            <\/a>\n        <\/div>\n\t\t\t\t\t\t\t<\/div> \n\t\t\t\n\t\t\t\t<div id=\"ngg-image-1\" class=\"ngg-gallery-thumbnail-box \" >\n\t\t\t\t        <div class=\"ngg-gallery-thumbnail\">\n            <a href=\"https:\/\/www.isalebon.fr\/wp-isa\/wp-content\/gallery\/10-mots\/10mots-neufchatel.jpg\"\n               title=\"\"\n               data-src=\"https:\/\/www.isalebon.fr\/wp-isa\/wp-content\/gallery\/10-mots\/10mots-neufchatel.jpg\"\n               data-thumbnail=\"https:\/\/www.isalebon.fr\/wp-isa\/wp-content\/gallery\/10-mots\/thumbs\/thumbs_10mots-neufchatel.jpg\"\n               data-image-id=\"719\"\n               data-title=\"Bouger en Pays de Bray\"\n               data-description=\"\"\n               data-image-slug=\"10mots-neufchatel\"\n               >\n                <img\n                    title=\"Bouger en Pays de Bray\"\n                    alt=\"Bouger en Pays de Bray\"\n                    src=\"https:\/\/www.isalebon.fr\/wp-isa\/wp-content\/gallery\/10-mots\/thumbs\/thumbs_10mots-neufchatel.jpg\"\n                    width=\"150\"\n                    height=\"150\"\n                    style=\"max-width:100%;\"\n                \/>\n            <\/a>\n        <\/div>\n\t\t\t\t\t\t\t<\/div> \n\t\t\t\n\t\t\t\t<div id=\"ngg-image-2\" class=\"ngg-gallery-thumbnail-box \" >\n\t\t\t\t        <div class=\"ngg-gallery-thumbnail\">\n            <a href=\"https:\/\/www.isalebon.fr\/wp-isa\/wp-content\/gallery\/10-mots\/10mots-pour-la-rep-grand-couronne.jpg\"\n               title=\"\"\n               data-src=\"https:\/\/www.isalebon.fr\/wp-isa\/wp-content\/gallery\/10-mots\/10mots-pour-la-rep-grand-couronne.jpg\"\n               data-thumbnail=\"https:\/\/www.isalebon.fr\/wp-isa\/wp-content\/gallery\/10-mots\/thumbs\/thumbs_10mots-pour-la-rep-grand-couronne.jpg\"\n               data-image-id=\"720\"\n               data-title=\"Pour la R\u00e9publique \u00e0 Grand-Couronne\"\n               data-description=\"\"\n               data-image-slug=\"10mots-pour-la-rep-grand-couronne\"\n               >\n                <img\n                    title=\"Pour la R\u00e9publique \u00e0 Grand-Couronne\"\n                    alt=\"Pour la R\u00e9publique \u00e0 Grand-Couronne\"\n                    src=\"https:\/\/www.isalebon.fr\/wp-isa\/wp-content\/gallery\/10-mots\/thumbs\/thumbs_10mots-pour-la-rep-grand-couronne.jpg\"\n                    width=\"150\"\n                    height=\"150\"\n                    style=\"max-width:100%;\"\n                \/>\n            <\/a>\n        <\/div>\n\t\t\t\t\t\t\t<\/div> \n\t\t\t\n\t\t\t\t<div id=\"ngg-image-3\" class=\"ngg-gallery-thumbnail-box \" >\n\t\t\t\t        <div class=\"ngg-gallery-thumbnail\">\n            <a href=\"https:\/\/www.isalebon.fr\/wp-isa\/wp-content\/gallery\/10-mots\/10mots-cordees.jpg\"\n               title=\"\"\n               data-src=\"https:\/\/www.isalebon.fr\/wp-isa\/wp-content\/gallery\/10-mots\/10mots-cordees.jpg\"\n               data-thumbnail=\"https:\/\/www.isalebon.fr\/wp-isa\/wp-content\/gallery\/10-mots\/thumbs\/thumbs_10mots-cordees.jpg\"\n               data-image-id=\"564\"\n               data-title=\"Pour l\u2019architecture (2014)\"\n               data-description=\"\"\n               data-image-slug=\"10mots-cordees\"\n               >\n                <img\n                    title=\"Pour l\u2019architecture (2014)\"\n                    alt=\"Pour l\u2019architecture (2014)\"\n                    src=\"https:\/\/www.isalebon.fr\/wp-isa\/wp-content\/gallery\/10-mots\/thumbs\/thumbs_10mots-cordees.jpg\"\n                    width=\"150\"\n                    height=\"150\"\n                    style=\"max-width:100%;\"\n                \/>\n            <\/a>\n        <\/div>\n\t\t\t\t\t\t\t<\/div> \n\t\t\t\n\t\t\t\t<div id=\"ngg-image-4\" class=\"ngg-gallery-thumbnail-box \" >\n\t\t\t\t        <div class=\"ngg-gallery-thumbnail\">\n            <a href=\"https:\/\/www.isalebon.fr\/wp-isa\/wp-content\/gallery\/10-mots\/10mots-ess.jpg\"\n               title=\"\"\n               data-src=\"https:\/\/www.isalebon.fr\/wp-isa\/wp-content\/gallery\/10-mots\/10mots-ess.jpg\"\n               data-thumbnail=\"https:\/\/www.isalebon.fr\/wp-isa\/wp-content\/gallery\/10-mots\/thumbs\/thumbs_10mots-ess.jpg\"\n               data-image-id=\"475\"\n               data-title=\"Pour l\u2019\u00e9conomie sociale et solidaire\"\n               data-description=\"\"\n               data-image-slug=\"10mots-ess-2\"\n               >\n                <img\n                    title=\"Pour l\u2019\u00e9conomie sociale et solidaire\"\n                    alt=\"Pour l\u2019\u00e9conomie sociale et solidaire\"\n                    src=\"https:\/\/www.isalebon.fr\/wp-isa\/wp-content\/gallery\/10-mots\/thumbs\/thumbs_10mots-ess.jpg\"\n                    width=\"150\"\n                    height=\"150\"\n                    style=\"max-width:100%;\"\n                \/>\n            <\/a>\n        <\/div>\n\t\t\t\t\t\t\t<\/div> \n\t\t\t\n\t\t\t\t<div id=\"ngg-image-5\" class=\"ngg-gallery-thumbnail-box \" >\n\t\t\t\t        <div class=\"ngg-gallery-thumbnail\">\n            <a href=\"https:\/\/www.isalebon.fr\/wp-isa\/wp-content\/gallery\/10-mots\/10mots-republique-au-havre.jpg\"\n               title=\"\"\n               data-src=\"https:\/\/www.isalebon.fr\/wp-isa\/wp-content\/gallery\/10-mots\/10mots-republique-au-havre.jpg\"\n               data-thumbnail=\"https:\/\/www.isalebon.fr\/wp-isa\/wp-content\/gallery\/10-mots\/thumbs\/thumbs_10mots-republique-au-havre.jpg\"\n               data-image-id=\"476\"\n               data-title=\"Pour la R\u00e9publique au Havre\"\n               data-description=\"\"\n               data-image-slug=\"10mots-republique-au-havre-2\"\n               >\n                <img\n                    title=\"Pour la R\u00e9publique au Havre\"\n                    alt=\"Pour la R\u00e9publique au Havre\"\n                    src=\"https:\/\/www.isalebon.fr\/wp-isa\/wp-content\/gallery\/10-mots\/thumbs\/thumbs_10mots-republique-au-havre.jpg\"\n                    width=\"150\"\n                    height=\"150\"\n                    style=\"max-width:100%;\"\n                \/>\n            <\/a>\n        <\/div>\n\t\t\t\t\t\t\t<\/div> \n\t\t\t\n\t\t\t\t<div id=\"ngg-image-6\" class=\"ngg-gallery-thumbnail-box \" >\n\t\t\t\t        <div class=\"ngg-gallery-thumbnail\">\n            <a href=\"https:\/\/www.isalebon.fr\/wp-isa\/wp-content\/gallery\/10-mots\/10mots-discrimination.jpg\"\n               title=\"\"\n               data-src=\"https:\/\/www.isalebon.fr\/wp-isa\/wp-content\/gallery\/10-mots\/10mots-discrimination.jpg\"\n               data-thumbnail=\"https:\/\/www.isalebon.fr\/wp-isa\/wp-content\/gallery\/10-mots\/thumbs\/thumbs_10mots-discrimination.jpg\"\n               data-image-id=\"477\"\n               data-title=\"Contre les discriminations\"\n               data-description=\"\"\n               data-image-slug=\"10mots-discrimination-2\"\n               >\n                <img\n                    title=\"Contre les discriminations\"\n                    alt=\"Contre les discriminations\"\n                    src=\"https:\/\/www.isalebon.fr\/wp-isa\/wp-content\/gallery\/10-mots\/thumbs\/thumbs_10mots-discrimination.jpg\"\n                    width=\"150\"\n                    height=\"150\"\n                    style=\"max-width:100%;\"\n                \/>\n            <\/a>\n        <\/div>\n\t\t\t\t\t\t\t<\/div> \n\t\t\t\n\t\t\t\t<div id=\"ngg-image-7\" class=\"ngg-gallery-thumbnail-box \" >\n\t\t\t\t        <div class=\"ngg-gallery-thumbnail\">\n            <a href=\"https:\/\/www.isalebon.fr\/wp-isa\/wp-content\/gallery\/10-mots\/10mots-cirque.jpg\"\n               title=\"\"\n               data-src=\"https:\/\/www.isalebon.fr\/wp-isa\/wp-content\/gallery\/10-mots\/10mots-cirque.jpg\"\n               data-thumbnail=\"https:\/\/www.isalebon.fr\/wp-isa\/wp-content\/gallery\/10-mots\/thumbs\/thumbs_10mots-cirque.jpg\"\n               data-image-id=\"478\"\n               data-title=\"Pour le Cirque th\u00e9\u00e2tre d\u2019Elbeuf\"\n               data-description=\"\"\n               data-image-slug=\"10mots-cirque-2\"\n               >\n                <img\n                    title=\"Pour le Cirque th\u00e9\u00e2tre d\u2019Elbeuf\"\n                    alt=\"Pour le Cirque th\u00e9\u00e2tre d\u2019Elbeuf\"\n                    src=\"https:\/\/www.isalebon.fr\/wp-isa\/wp-content\/gallery\/10-mots\/thumbs\/thumbs_10mots-cirque.jpg\"\n                    width=\"150\"\n                    height=\"150\"\n                    style=\"max-width:100%;\"\n                \/>\n            <\/a>\n        <\/div>\n\t\t\t\t\t\t\t<\/div> \n\t\t\t\n\t\t\t\t<div id=\"ngg-image-8\" class=\"ngg-gallery-thumbnail-box \" >\n\t\t\t\t        <div class=\"ngg-gallery-thumbnail\">\n            <a href=\"https:\/\/www.isalebon.fr\/wp-isa\/wp-content\/gallery\/10-mots\/10mots-boucane.jpg\"\n               title=\"\"\n               data-src=\"https:\/\/www.isalebon.fr\/wp-isa\/wp-content\/gallery\/10-mots\/10mots-boucane.jpg\"\n               data-thumbnail=\"https:\/\/www.isalebon.fr\/wp-isa\/wp-content\/gallery\/10-mots\/thumbs\/thumbs_10mots-boucane.jpg\"\n               data-image-id=\"480\"\n               data-title=\"Sur la Boucane F\u00e9camp\"\n               data-description=\"\"\n               data-image-slug=\"10mots-boucane-2\"\n               >\n                <img\n                    title=\"Sur la Boucane F\u00e9camp\"\n                    alt=\"Sur la Boucane F\u00e9camp\"\n                    src=\"https:\/\/www.isalebon.fr\/wp-isa\/wp-content\/gallery\/10-mots\/thumbs\/thumbs_10mots-boucane.jpg\"\n                    width=\"150\"\n                    height=\"150\"\n                    style=\"max-width:100%;\"\n                \/>\n            <\/a>\n        <\/div>\n\t\t\t\t\t\t\t<\/div> \n\t\t\t\n\t\n\t<br style=\"clear: both\" \/>\n\n\t\n\t\t<div class=\"ngg-clear\"><\/div>\n\t<\/div>\n<\/div>\n<div id=\"textext\">\n<span class=\"entetexte\">Publication dix mots dix photos<\/span><br \/>\n\u00c9dition Globules<\/p>\n<blockquote><p>\n<a href=\"\/wp-isa\/wp-content\/uploads\/2021\/06\/10mots-marais.pdf\">Ballade au marais<\/a><br \/>\n<a href=\"\/wp-isa\/wp-content\/uploads\/2021\/06\/10mots-neufchatel.pdf\">Bouger en Pays de Bray<\/a><br \/>\n<a href=\"\/wp-isa\/wp-content\/uploads\/2021\/06\/10mots-pour-la-rep-grand-couronne.pdf\">Pour la R\u00e9publique \u00e0 Grand-Couronne<\/a><br \/>\n<a href=\"\/wp-isa\/wp-content\/uploads\/2016\/11\/10mots-architecture2014.pdf\">Pour l&rsquo; architecture 2014<\/a><br \/>\n<a href=\"\/wp-isa\/wp-content\/uploads\/2016\/11\/10mots-ESS.pdf\">Pour l&rsquo; \u00e9conomie sociale et solidaire<\/a><br \/>\n<a href=\"\/wp-isa\/wp-content\/uploads\/2016\/11\/10mots-republique-au-havre.pdf\">Pour la R\u00e9publique au Havre<\/a><br \/>\n<a href=\"\/wp-isa\/wp-content\/uploads\/2016\/11\/10mots-discrimination.pdf\">Contre les discriminations<\/a><br \/>\n<a href=\"\/wp-isa\/wp-content\/uploads\/2016\/11\/10mots-cirque.pdf\">Pour le Cirque th\u00e9\u00e2tre d&rsquo;Elbeuf<\/a><br \/>\n<a href=\"\/wp-isa\/wp-content\/uploads\/2016\/11\/10mots-boucane.pdf\">Sur la Boucane F\u00e9camp<\/a><\/p><\/blockquote>\n<\/div>\n","protected":false},"excerpt":{"rendered":"<p>Publication dix mots dix photos \u00c9dition Globules Ballade au marais Bouger en Pays de Bray Pour la R\u00e9publique \u00e0 Grand-Couronne Pour l&rsquo; architecture 2014 Pour l&rsquo; \u00e9conomie sociale et solidaire Pour la R\u00e9publique au Havre Contre les discriminations Pour le Cirque th\u00e9\u00e2tre d&rsquo;Elbeuf Sur la Boucane F\u00e9camp<\/p>\n","protected":false},"author":2,"featured_media":0,"parent":0,"menu_order":0,"comment_status":"closed","ping_status":"closed","template":"templates\/full-width-page.php","meta":{"ngg_post_thumbnail":0},"_links":{"self":[{"href":"https:\/\/www.isalebon.fr\/index.php?rest_route=\/wp\/v2\/pages\/655"}],"collection":[{"href":"https:\/\/www.isalebon.fr\/index.php?rest_route=\/wp\/v2\/pages"}],"about":[{"href":"https:\/\/www.isalebon.fr\/index.php?rest_route=\/wp\/v2\/types\/page"}],"author":[{"embeddable":true,"href":"https:\/\/www.isalebon.fr\/index.php?rest_route=\/wp\/v2\/users\/2"}],"replies":[{"embeddable":true,"href":"https:\/\/www.isalebon.fr\/index.php?rest_route=%2Fwp%2Fv2%2Fcomments&post=655"}],"version-history":[{"count":89,"href":"https:\/\/www.isalebon.fr\/index.php?rest_route=\/wp\/v2\/pages\/655\/revisions"}],"predecessor-version":[{"id":1915,"href":"https:\/\/www.isalebon.fr\/index.php?rest_route=\/wp\/v2\/pages\/655\/revisions\/1915"}],"wp:attachment":[{"href":"https:\/\/www.isalebon.fr\/index.php?rest_route=%2Fwp%2Fv2%2Fmedia&parent=655"}],"curies":[{"name":"wp","href":"https:\/\/api.w.org\/{rel}","templated":true}]}}