{"id":7,"date":"2012-06-16T23:17:54","date_gmt":"2012-06-16T22:17:54","guid":{"rendered":"https:\/\/www.isalebon.fr\/wp-isa\/?page_id=7"},"modified":"2021-07-02T15:25:09","modified_gmt":"2021-07-02T14:25:09","slug":"photographe-depuis-plus-de-quinze-ans","status":"publish","type":"page","link":"https:\/\/www.isalebon.fr\/?page_id=7","title":{"rendered":"Photographe"},"content":{"rendered":"<p>Je collabore depuis plusieurs ann\u00e9es avec l\u2019\u00c9ducation Nationale, la D.R.A.C., l\u2019E.S.P.E. sur des projets artistiques et intervient dans la section Images \/ \u00c9tudes option photographie \u00e0 l\u2019Institut National des Sciences Appliqu\u00e9es.<\/p>\n<p>Diff\u00e9rents journaux et magazines ont publi\u00e9 mes photographies. Laur\u00e9ate du prix \u00ab talent Fnac \u00bb en 2001, une partie de mon travail est pr\u00e9sent\u00e9 au Fonds de catalogue de la Biblioth\u00e8que Nationale de France.<\/p>\n<p>Je partage mon temps entre mes recherches personnelles, les r\u00e9sidences, les commandes et les ateliers. La derni\u00e8re exposition a eu lieu au Centre Culturel Fran\u00e7ais de J\u00e9rusalem en octobre 2014.<\/p>\n<p>Cr\u00e9ation en 2011 du festival de l\u2019image et du territoire \u00ab Entr(e)voir \u00bb en Palestine et en France autour des regards de Photographes Internationaux sur la notion du territoire et de l\u2019humain. La septi\u00e8me \u00e9dition du Festival \u00ab Entr(e)voir \u00bb a eu lieu en Cisjordanie en avril 2021 en partenariat avec la ville de Rouen, le Conseil R\u00e9gional, d\u00e9partement  et VISA pour l\u2019image..<\/p>\n<p>&nbsp;<\/p>\n<h1>Publication<\/h1>\n<ul>\n<li>Lib\u00e9ration<\/li>\n<li>NotreTemps<\/li>\n<li>La Croix<\/li>\n<li>Entourage<\/li>\n<li>Science et Avenir<\/li>\n<\/ul>\n<p>&nbsp;<\/p>\n<h1>Prix \/ Collection<\/h1>\n<ul>\n<li>Prix de la photographie au Centre International des Arts et Lettres d\u2019Amiens 1997.<\/li>\n<li>Prix \u00ab TALENT Fnac \u00bb 2001 Reportage sur la Bi\u00e9lorussie.<\/li>\n<li>Galerie FNAC.<\/li>\n<li>Fond de catalogue de la Biblioth\u00e8que national de France.<\/li>\n<li>Fond de catalogue (Bi\u00e9lorussie) \u00e0 la galerie Gracia NERI.<\/li>\n<li>Collection 10 mots \/ 10 photos. Onze parutions aux Edition Globules.<\/li>\n<li>Catalogue d\u2019exposition Chine Mus\u00e9e des beaux Arts 2016.<\/li>\n<li>Collection Rouen Normandie &#8211; L\u2019universit\u00e9 au travail Edition PURH 2017.<\/li>\n<\/ul>\n<p>&nbsp;<\/p>\n","protected":false},"excerpt":{"rendered":"<p>Je collabore depuis plusieurs ann\u00e9es avec l\u2019\u00c9ducation Nationale, la D.R.A.C., l\u2019E.S.P.E. sur des projets artistiques et intervient dans la section Images \/ \u00c9tudes option photographie \u00e0 l\u2019Institut National des Sciences Appliqu\u00e9es. Diff\u00e9rents journaux et magazines ont publi\u00e9 mes photographies. Laur\u00e9ate du prix \u00ab talent Fnac \u00bb en 2001, une partie de mon travail est pr\u00e9sent\u00e9 [&hellip;]<\/p>\n","protected":false},"author":2,"featured_media":0,"parent":0,"menu_order":0,"comment_status":"closed","ping_status":"closed","template":"","meta":{"ngg_post_thumbnail":0},"_links":{"self":[{"href":"https:\/\/www.isalebon.fr\/index.php?rest_route=\/wp\/v2\/pages\/7"}],"collection":[{"href":"https:\/\/www.isalebon.fr\/index.php?rest_route=\/wp\/v2\/pages"}],"about":[{"href":"https:\/\/www.isalebon.fr\/index.php?rest_route=\/wp\/v2\/types\/page"}],"author":[{"embeddable":true,"href":"https:\/\/www.isalebon.fr\/index.php?rest_route=\/wp\/v2\/users\/2"}],"replies":[{"embeddable":true,"href":"https:\/\/www.isalebon.fr\/index.php?rest_route=%2Fwp%2Fv2%2Fcomments&post=7"}],"version-history":[{"count":29,"href":"https:\/\/www.isalebon.fr\/index.php?rest_route=\/wp\/v2\/pages\/7\/revisions"}],"predecessor-version":[{"id":1934,"href":"https:\/\/www.isalebon.fr\/index.php?rest_route=\/wp\/v2\/pages\/7\/revisions\/1934"}],"wp:attachment":[{"href":"https:\/\/www.isalebon.fr\/index.php?rest_route=%2Fwp%2Fv2%2Fmedia&parent=7"}],"curies":[{"name":"wp","href":"https:\/\/api.w.org\/{rel}","templated":true}]}}