{"id":897,"date":"2016-11-27T04:59:47","date_gmt":"2016-11-27T03:59:47","guid":{"rendered":"https:\/\/www.isalebon.fr\/?page_id=897"},"modified":"2016-11-29T00:32:29","modified_gmt":"2016-11-28T23:32:29","slug":"lycee-gustave-flaubert-de-rouen","status":"publish","type":"page","link":"https:\/\/www.isalebon.fr\/?page_id=897","title":{"rendered":"Lyc\u00e9e Gustave Flaubert de Rouen"},"content":{"rendered":"<div id=\"textphotos\"><!-- default-view.php -->\n<div\n\tclass=\"ngg-galleryoverview default-view  ngg-ajax-pagination-none\"\n\tid=\"ngg-gallery-9ef1769a275c2d66f0fc6403e8c9a3eb-1\">\n\n\t\t<!-- Thumbnails -->\n\t\t\t\t<div id=\"ngg-image-0\" class=\"ngg-gallery-thumbnail-box \" >\n\t\t\t\t        <div class=\"ngg-gallery-thumbnail\">\n            <a href=\"https:\/\/www.isalebon.fr\/wp-isa\/wp-content\/gallery\/la-colere\/isalebon-LaColere-01.jpg\"\n               title=\"\"\n               data-src=\"https:\/\/www.isalebon.fr\/wp-isa\/wp-content\/gallery\/la-colere\/isalebon-LaColere-01.jpg\"\n               data-thumbnail=\"https:\/\/www.isalebon.fr\/wp-isa\/wp-content\/gallery\/la-colere\/thumbs\/thumbs_isalebon-LaColere-01.jpg\"\n               data-image-id=\"461\"\n               data-title=\"isalebon-LaColere-01\"\n               data-description=\"\"\n               data-image-slug=\"isalebon-lacolere-01\"\n               >\n                <img\n                    title=\"isalebon-LaColere-01\"\n                    alt=\"isalebon-LaColere-01\"\n                    src=\"https:\/\/www.isalebon.fr\/wp-isa\/wp-content\/gallery\/la-colere\/thumbs\/thumbs_isalebon-LaColere-01.jpg\"\n                    width=\"150\"\n                    height=\"150\"\n                    style=\"max-width:100%;\"\n                \/>\n            <\/a>\n        <\/div>\n\t\t\t\t\t\t\t<\/div> \n\t\t\t\n\t\t\t\t<div id=\"ngg-image-1\" class=\"ngg-gallery-thumbnail-box \" >\n\t\t\t\t        <div class=\"ngg-gallery-thumbnail\">\n            <a href=\"https:\/\/www.isalebon.fr\/wp-isa\/wp-content\/gallery\/la-colere\/isalebon-LaColere-02.jpg\"\n               title=\"\"\n               data-src=\"https:\/\/www.isalebon.fr\/wp-isa\/wp-content\/gallery\/la-colere\/isalebon-LaColere-02.jpg\"\n               data-thumbnail=\"https:\/\/www.isalebon.fr\/wp-isa\/wp-content\/gallery\/la-colere\/thumbs\/thumbs_isalebon-LaColere-02.jpg\"\n               data-image-id=\"462\"\n               data-title=\"isalebon-LaColere-02\"\n               data-description=\"\"\n               data-image-slug=\"isalebon-lacolere-02\"\n               >\n                <img\n                    title=\"isalebon-LaColere-02\"\n                    alt=\"isalebon-LaColere-02\"\n                    src=\"https:\/\/www.isalebon.fr\/wp-isa\/wp-content\/gallery\/la-colere\/thumbs\/thumbs_isalebon-LaColere-02.jpg\"\n                    width=\"150\"\n                    height=\"150\"\n                    style=\"max-width:100%;\"\n                \/>\n            <\/a>\n        <\/div>\n\t\t\t\t\t\t\t<\/div> \n\t\t\t\n\t\t\t\t<div id=\"ngg-image-2\" class=\"ngg-gallery-thumbnail-box \" >\n\t\t\t\t        <div class=\"ngg-gallery-thumbnail\">\n            <a href=\"https:\/\/www.isalebon.fr\/wp-isa\/wp-content\/gallery\/la-colere\/isalebon-LaColere-03.jpg\"\n               title=\"\"\n               data-src=\"https:\/\/www.isalebon.fr\/wp-isa\/wp-content\/gallery\/la-colere\/isalebon-LaColere-03.jpg\"\n               data-thumbnail=\"https:\/\/www.isalebon.fr\/wp-isa\/wp-content\/gallery\/la-colere\/thumbs\/thumbs_isalebon-LaColere-03.jpg\"\n               data-image-id=\"463\"\n               data-title=\"isalebon-LaColere-03\"\n               data-description=\"\"\n               data-image-slug=\"isalebon-lacolere-03\"\n               >\n                <img\n                    title=\"isalebon-LaColere-03\"\n                    alt=\"isalebon-LaColere-03\"\n                    src=\"https:\/\/www.isalebon.fr\/wp-isa\/wp-content\/gallery\/la-colere\/thumbs\/thumbs_isalebon-LaColere-03.jpg\"\n                    width=\"150\"\n                    height=\"150\"\n                    style=\"max-width:100%;\"\n                \/>\n            <\/a>\n        <\/div>\n\t\t\t\t\t\t\t<\/div> \n\t\t\t\n\t\t\t\t<div id=\"ngg-image-3\" class=\"ngg-gallery-thumbnail-box \" >\n\t\t\t\t        <div class=\"ngg-gallery-thumbnail\">\n            <a href=\"https:\/\/www.isalebon.fr\/wp-isa\/wp-content\/gallery\/la-colere\/isalebon-LaColere-04.jpg\"\n               title=\"\"\n               data-src=\"https:\/\/www.isalebon.fr\/wp-isa\/wp-content\/gallery\/la-colere\/isalebon-LaColere-04.jpg\"\n               data-thumbnail=\"https:\/\/www.isalebon.fr\/wp-isa\/wp-content\/gallery\/la-colere\/thumbs\/thumbs_isalebon-LaColere-04.jpg\"\n               data-image-id=\"464\"\n               data-title=\"isalebon-LaColere-04\"\n               data-description=\"\"\n               data-image-slug=\"isalebon-lacolere-04\"\n               >\n                <img\n                    title=\"isalebon-LaColere-04\"\n                    alt=\"isalebon-LaColere-04\"\n                    src=\"https:\/\/www.isalebon.fr\/wp-isa\/wp-content\/gallery\/la-colere\/thumbs\/thumbs_isalebon-LaColere-04.jpg\"\n                    width=\"150\"\n                    height=\"150\"\n                    style=\"max-width:100%;\"\n                \/>\n            <\/a>\n        <\/div>\n\t\t\t\t\t\t\t<\/div> \n\t\t\t\n\t\t\t\t<div id=\"ngg-image-4\" class=\"ngg-gallery-thumbnail-box \" >\n\t\t\t\t        <div class=\"ngg-gallery-thumbnail\">\n            <a href=\"https:\/\/www.isalebon.fr\/wp-isa\/wp-content\/gallery\/la-colere\/isalebon-LaColere-05.jpg\"\n               title=\"\"\n               data-src=\"https:\/\/www.isalebon.fr\/wp-isa\/wp-content\/gallery\/la-colere\/isalebon-LaColere-05.jpg\"\n               data-thumbnail=\"https:\/\/www.isalebon.fr\/wp-isa\/wp-content\/gallery\/la-colere\/thumbs\/thumbs_isalebon-LaColere-05.jpg\"\n               data-image-id=\"465\"\n               data-title=\"isalebon-LaColere-05\"\n               data-description=\"\"\n               data-image-slug=\"isalebon-lacolere-05\"\n               >\n                <img\n                    title=\"isalebon-LaColere-05\"\n                    alt=\"isalebon-LaColere-05\"\n                    src=\"https:\/\/www.isalebon.fr\/wp-isa\/wp-content\/gallery\/la-colere\/thumbs\/thumbs_isalebon-LaColere-05.jpg\"\n                    width=\"150\"\n                    height=\"150\"\n                    style=\"max-width:100%;\"\n                \/>\n            <\/a>\n        <\/div>\n\t\t\t\t\t\t\t<\/div> \n\t\t\t\n\t\t\t\t<div id=\"ngg-image-5\" class=\"ngg-gallery-thumbnail-box \" >\n\t\t\t\t        <div class=\"ngg-gallery-thumbnail\">\n            <a href=\"https:\/\/www.isalebon.fr\/wp-isa\/wp-content\/gallery\/la-colere\/isalebon-LaColere-06.jpg\"\n               title=\"\"\n               data-src=\"https:\/\/www.isalebon.fr\/wp-isa\/wp-content\/gallery\/la-colere\/isalebon-LaColere-06.jpg\"\n               data-thumbnail=\"https:\/\/www.isalebon.fr\/wp-isa\/wp-content\/gallery\/la-colere\/thumbs\/thumbs_isalebon-LaColere-06.jpg\"\n               data-image-id=\"466\"\n               data-title=\"isalebon-LaColere-06\"\n               data-description=\"\"\n               data-image-slug=\"isalebon-lacolere-06\"\n               >\n                <img\n                    title=\"isalebon-LaColere-06\"\n                    alt=\"isalebon-LaColere-06\"\n                    src=\"https:\/\/www.isalebon.fr\/wp-isa\/wp-content\/gallery\/la-colere\/thumbs\/thumbs_isalebon-LaColere-06.jpg\"\n                    width=\"150\"\n                    height=\"150\"\n                    style=\"max-width:100%;\"\n                \/>\n            <\/a>\n        <\/div>\n\t\t\t\t\t\t\t<\/div> \n\t\t\t\n\t\t\t\t<div id=\"ngg-image-6\" class=\"ngg-gallery-thumbnail-box \" >\n\t\t\t\t        <div class=\"ngg-gallery-thumbnail\">\n            <a href=\"https:\/\/www.isalebon.fr\/wp-isa\/wp-content\/gallery\/la-colere\/isalebon-LaColere-07.jpg\"\n               title=\"\"\n               data-src=\"https:\/\/www.isalebon.fr\/wp-isa\/wp-content\/gallery\/la-colere\/isalebon-LaColere-07.jpg\"\n               data-thumbnail=\"https:\/\/www.isalebon.fr\/wp-isa\/wp-content\/gallery\/la-colere\/thumbs\/thumbs_isalebon-LaColere-07.jpg\"\n               data-image-id=\"467\"\n               data-title=\"isalebon-LaColere-07\"\n               data-description=\"\"\n               data-image-slug=\"isalebon-lacolere-07\"\n               >\n                <img\n                    title=\"isalebon-LaColere-07\"\n                    alt=\"isalebon-LaColere-07\"\n                    src=\"https:\/\/www.isalebon.fr\/wp-isa\/wp-content\/gallery\/la-colere\/thumbs\/thumbs_isalebon-LaColere-07.jpg\"\n                    width=\"150\"\n                    height=\"150\"\n                    style=\"max-width:100%;\"\n                \/>\n            <\/a>\n        <\/div>\n\t\t\t\t\t\t\t<\/div> \n\t\t\t\n\t\t\t\t<div id=\"ngg-image-7\" class=\"ngg-gallery-thumbnail-box \" >\n\t\t\t\t        <div class=\"ngg-gallery-thumbnail\">\n            <a href=\"https:\/\/www.isalebon.fr\/wp-isa\/wp-content\/gallery\/la-colere\/isalebon-LaColere-08.jpg\"\n               title=\"\"\n               data-src=\"https:\/\/www.isalebon.fr\/wp-isa\/wp-content\/gallery\/la-colere\/isalebon-LaColere-08.jpg\"\n               data-thumbnail=\"https:\/\/www.isalebon.fr\/wp-isa\/wp-content\/gallery\/la-colere\/thumbs\/thumbs_isalebon-LaColere-08.jpg\"\n               data-image-id=\"468\"\n               data-title=\"isalebon-LaColere-08\"\n               data-description=\"\"\n               data-image-slug=\"isalebon-lacolere-08\"\n               >\n                <img\n                    title=\"isalebon-LaColere-08\"\n                    alt=\"isalebon-LaColere-08\"\n                    src=\"https:\/\/www.isalebon.fr\/wp-isa\/wp-content\/gallery\/la-colere\/thumbs\/thumbs_isalebon-LaColere-08.jpg\"\n                    width=\"150\"\n                    height=\"150\"\n                    style=\"max-width:100%;\"\n                \/>\n            <\/a>\n        <\/div>\n\t\t\t\t\t\t\t<\/div> \n\t\t\t\n\t\t\t\t<div id=\"ngg-image-8\" class=\"ngg-gallery-thumbnail-box \" >\n\t\t\t\t        <div class=\"ngg-gallery-thumbnail\">\n            <a href=\"https:\/\/www.isalebon.fr\/wp-isa\/wp-content\/gallery\/la-colere\/isalebon-LaColere-09.jpg\"\n               title=\"\"\n               data-src=\"https:\/\/www.isalebon.fr\/wp-isa\/wp-content\/gallery\/la-colere\/isalebon-LaColere-09.jpg\"\n               data-thumbnail=\"https:\/\/www.isalebon.fr\/wp-isa\/wp-content\/gallery\/la-colere\/thumbs\/thumbs_isalebon-LaColere-09.jpg\"\n               data-image-id=\"469\"\n               data-title=\"isalebon-LaColere-09\"\n               data-description=\"\"\n               data-image-slug=\"isalebon-lacolere-09\"\n               >\n                <img\n                    title=\"isalebon-LaColere-09\"\n                    alt=\"isalebon-LaColere-09\"\n                    src=\"https:\/\/www.isalebon.fr\/wp-isa\/wp-content\/gallery\/la-colere\/thumbs\/thumbs_isalebon-LaColere-09.jpg\"\n                    width=\"150\"\n                    height=\"150\"\n                    style=\"max-width:100%;\"\n                \/>\n            <\/a>\n        <\/div>\n\t\t\t\t\t\t\t<\/div> \n\t\t\t\n\t\t\t\t<div id=\"ngg-image-9\" class=\"ngg-gallery-thumbnail-box \" >\n\t\t\t\t        <div class=\"ngg-gallery-thumbnail\">\n            <a href=\"https:\/\/www.isalebon.fr\/wp-isa\/wp-content\/gallery\/la-colere\/isalebon-LaColere-10.jpg\"\n               title=\"\"\n               data-src=\"https:\/\/www.isalebon.fr\/wp-isa\/wp-content\/gallery\/la-colere\/isalebon-LaColere-10.jpg\"\n               data-thumbnail=\"https:\/\/www.isalebon.fr\/wp-isa\/wp-content\/gallery\/la-colere\/thumbs\/thumbs_isalebon-LaColere-10.jpg\"\n               data-image-id=\"470\"\n               data-title=\"isalebon-LaColere-10\"\n               data-description=\"\"\n               data-image-slug=\"isalebon-lacolere-10\"\n               >\n                <img\n                    title=\"isalebon-LaColere-10\"\n                    alt=\"isalebon-LaColere-10\"\n                    src=\"https:\/\/www.isalebon.fr\/wp-isa\/wp-content\/gallery\/la-colere\/thumbs\/thumbs_isalebon-LaColere-10.jpg\"\n                    width=\"150\"\n                    height=\"150\"\n                    style=\"max-width:100%;\"\n                \/>\n            <\/a>\n        <\/div>\n\t\t\t\t\t\t\t<\/div> \n\t\t\t\n\t\t\t\t<div id=\"ngg-image-10\" class=\"ngg-gallery-thumbnail-box \" >\n\t\t\t\t        <div class=\"ngg-gallery-thumbnail\">\n            <a href=\"https:\/\/www.isalebon.fr\/wp-isa\/wp-content\/gallery\/la-colere\/isalebon-LaColere-11.jpg\"\n               title=\"\"\n               data-src=\"https:\/\/www.isalebon.fr\/wp-isa\/wp-content\/gallery\/la-colere\/isalebon-LaColere-11.jpg\"\n               data-thumbnail=\"https:\/\/www.isalebon.fr\/wp-isa\/wp-content\/gallery\/la-colere\/thumbs\/thumbs_isalebon-LaColere-11.jpg\"\n               data-image-id=\"471\"\n               data-title=\"isalebon-LaColere-11\"\n               data-description=\"\"\n               data-image-slug=\"isalebon-lacolere-11\"\n               >\n                <img\n                    title=\"isalebon-LaColere-11\"\n                    alt=\"isalebon-LaColere-11\"\n                    src=\"https:\/\/www.isalebon.fr\/wp-isa\/wp-content\/gallery\/la-colere\/thumbs\/thumbs_isalebon-LaColere-11.jpg\"\n                    width=\"150\"\n                    height=\"150\"\n                    style=\"max-width:100%;\"\n                \/>\n            <\/a>\n        <\/div>\n\t\t\t\t\t\t\t<\/div> \n\t\t\t\n\t\t\t\t<div id=\"ngg-image-11\" class=\"ngg-gallery-thumbnail-box \" >\n\t\t\t\t        <div class=\"ngg-gallery-thumbnail\">\n            <a href=\"https:\/\/www.isalebon.fr\/wp-isa\/wp-content\/gallery\/la-colere\/isalebon-LaColere-12.jpg\"\n               title=\"\"\n               data-src=\"https:\/\/www.isalebon.fr\/wp-isa\/wp-content\/gallery\/la-colere\/isalebon-LaColere-12.jpg\"\n               data-thumbnail=\"https:\/\/www.isalebon.fr\/wp-isa\/wp-content\/gallery\/la-colere\/thumbs\/thumbs_isalebon-LaColere-12.jpg\"\n               data-image-id=\"472\"\n               data-title=\"isalebon-LaColere-12\"\n               data-description=\"\"\n               data-image-slug=\"isalebon-lacolere-12\"\n               >\n                <img\n                    title=\"isalebon-LaColere-12\"\n                    alt=\"isalebon-LaColere-12\"\n                    src=\"https:\/\/www.isalebon.fr\/wp-isa\/wp-content\/gallery\/la-colere\/thumbs\/thumbs_isalebon-LaColere-12.jpg\"\n                    width=\"150\"\n                    height=\"150\"\n                    style=\"max-width:100%;\"\n                \/>\n            <\/a>\n        <\/div>\n\t\t\t\t\t\t\t<\/div> \n\t\t\t\n\t\t\t\t<div id=\"ngg-image-12\" class=\"ngg-gallery-thumbnail-box \" >\n\t\t\t\t        <div class=\"ngg-gallery-thumbnail\">\n            <a href=\"https:\/\/www.isalebon.fr\/wp-isa\/wp-content\/gallery\/la-colere\/isalebon-LaColere-13.jpg\"\n               title=\"\"\n               data-src=\"https:\/\/www.isalebon.fr\/wp-isa\/wp-content\/gallery\/la-colere\/isalebon-LaColere-13.jpg\"\n               data-thumbnail=\"https:\/\/www.isalebon.fr\/wp-isa\/wp-content\/gallery\/la-colere\/thumbs\/thumbs_isalebon-LaColere-13.jpg\"\n               data-image-id=\"473\"\n               data-title=\"isalebon-LaColere-13\"\n               data-description=\"\"\n               data-image-slug=\"isalebon-lacolere-13\"\n               >\n                <img\n                    title=\"isalebon-LaColere-13\"\n                    alt=\"isalebon-LaColere-13\"\n                    src=\"https:\/\/www.isalebon.fr\/wp-isa\/wp-content\/gallery\/la-colere\/thumbs\/thumbs_isalebon-LaColere-13.jpg\"\n                    width=\"150\"\n                    height=\"150\"\n                    style=\"max-width:100%;\"\n                \/>\n            <\/a>\n        <\/div>\n\t\t\t\t\t\t\t<\/div> \n\t\t\t\n\t\n\t<br style=\"clear: both\" \/>\n\n\t\n\t\t<div class=\"ngg-clear\"><\/div>\n\t<\/div>\n<\/div>\n<div id=\"textext\"><span class=\"entetexte\">\u00ab De la col\u00e8re&#8230; \u00bb<\/span><br \/>\n<span class=\"entetexte\">\u00ab La violence est l\u2019utilisation de la force physique ou psychologique pour contraindre, dominer, causer des dommages. Elle implique des coups, des blessures, de la souffrance. \u00bb<\/span><br \/>\nActuellement, je m\u2019interroge sur la part de violence, de col\u00e8re en chacun de nous, dans notre soci\u00e9t\u00e9, la col\u00e8re et sa repr\u00e9sentation photographique \u00e0 travers le corps.<br \/>\n Est-ce que notre culture, nos origines sociales ont un lien avec la violence ?<br \/>\nComment s\u2019exprime-t-elle ?<br \/>\nQuelle est la part de violence dans les m\u00e9dias, journaux, t\u00e9l\u00e9visions et comment les \u00e9l\u00e8ves s\u2019y inscrivent ?<br \/>\nMettre en image le comportement, les formes de la domination par le corps photographi\u00e9.<br \/>\nComment d\u00e9terminer si un comportement est violent ou s\u2019il t\u00e9moigne de la col\u00e8re ?<br \/>\nNe faut-il pas examiner l\u2019action concern\u00e9e de deux points de vue ; celui de la personne qui subit et celui de son auteur, il arrive que quelqu\u2019un soit violent\u00e9 sans que l\u2019auteur n\u2019ait fait preuve de violence. <\/p>\n<p>Travail r\u00e9alis\u00e9 avec les \u00e9l\u00e8ves de Terminal au lyc\u00e9e professionnel Gustave Flaubert 2016<br \/>\n<span class=\"signa\">Isabelle Lebon \/ Photographe<\/span><\/div>\n","protected":false},"excerpt":{"rendered":"<p>\u00ab De la col\u00e8re&#8230; \u00bb \u00ab La violence est l\u2019utilisation de la force physique ou psychologique pour contraindre, dominer, causer des dommages. Elle implique des coups, des blessures, de la souffrance. \u00bb Actuellement, je m\u2019interroge sur la part de violence, de col\u00e8re en chacun de nous, dans notre soci\u00e9t\u00e9, la col\u00e8re et sa repr\u00e9sentation photographique [&hellip;]<\/p>\n","protected":false},"author":2,"featured_media":0,"parent":0,"menu_order":0,"comment_status":"closed","ping_status":"closed","template":"templates\/full-width-page.php","meta":{"ngg_post_thumbnail":0},"_links":{"self":[{"href":"https:\/\/www.isalebon.fr\/index.php?rest_route=\/wp\/v2\/pages\/897"}],"collection":[{"href":"https:\/\/www.isalebon.fr\/index.php?rest_route=\/wp\/v2\/pages"}],"about":[{"href":"https:\/\/www.isalebon.fr\/index.php?rest_route=\/wp\/v2\/types\/page"}],"author":[{"embeddable":true,"href":"https:\/\/www.isalebon.fr\/index.php?rest_route=\/wp\/v2\/users\/2"}],"replies":[{"embeddable":true,"href":"https:\/\/www.isalebon.fr\/index.php?rest_route=%2Fwp%2Fv2%2Fcomments&post=897"}],"version-history":[{"count":11,"href":"https:\/\/www.isalebon.fr\/index.php?rest_route=\/wp\/v2\/pages\/897\/revisions"}],"predecessor-version":[{"id":1134,"href":"https:\/\/www.isalebon.fr\/index.php?rest_route=\/wp\/v2\/pages\/897\/revisions\/1134"}],"wp:attachment":[{"href":"https:\/\/www.isalebon.fr\/index.php?rest_route=%2Fwp%2Fv2%2Fmedia&parent=897"}],"curies":[{"name":"wp","href":"https:\/\/api.w.org\/{rel}","templated":true}]}}